{"id":7148,"date":"2025-01-06T00:00:29","date_gmt":"2025-01-06T00:00:29","guid":{"rendered":"https:\/\/transparenciaelectoral.org\/programaselectorales2026pt\/?post_type=portfolios&#038;p=7148"},"modified":"2026-01-21T14:22:21","modified_gmt":"2026-01-21T14:22:21","slug":"segundo-turno-das-eleicoes-presidenciais","status":"publish","type":"portfolios","link":"https:\/\/transparenciaelectoral.org\/programaselectorales2026pt\/segundo-turno-das-eleicoes-presidenciais\/","title":{"rendered":"Segundo turno das elei\u00e7\u00f5es presidenciais"},"content":{"rendered":"\t\t<div data-elementor-type=\"wp-post\" data-elementor-id=\"7148\" class=\"elementor elementor-7148\" data-elementor-post-type=\"portfolios\">\n\t\t\t\t<div class=\"elementor-element elementor-element-013dc80 e-flex e-con-boxed no e-con e-parent\" data-id=\"013dc80\" data-element_type=\"container\" data-e-type=\"container\">\n\t\t\t\t\t<div class=\"e-con-inner\">\n\t\t<div class=\"elementor-element elementor-element-a24d31b e-flex e-con-boxed no e-con e-child\" data-id=\"a24d31b\" data-element_type=\"container\" data-e-type=\"container\">\n\t\t\t\t\t<div class=\"e-con-inner\">\n\t\t\t\t<div class=\"elementor-element elementor-element-a69949b elementor-widget elementor-widget-ms_animated_headline\" data-id=\"a69949b\" data-element_type=\"widget\" data-e-type=\"widget\" data-widget_type=\"ms_animated_headline.default\">\n\t\t\t\t<div class=\"elementor-widget-container\">\n\t\t\t\t\t\r\n        <div class=\"ms-ah-wrapper\">\r\n            <h1 class=\"content__title\" data-splitting data-effect5 data-scroll=\"off\">\r\n            \tSegundo turno das elei\u00e7\u00f5es presidenciais no Peru            <\/h1>\r\n        <\/div>\r\n        \r\n    \t\t\t\t<\/div>\n\t\t\t\t<\/div>\n\t\t\t\t<div class=\"elementor-element elementor-element-e717657 elementor-widget elementor-widget-heading\" data-id=\"e717657\" data-element_type=\"widget\" data-e-type=\"widget\" data-widget_type=\"heading.default\">\n\t\t\t\t\t<h2 class=\"elementor-heading-title elementor-size-default\"><img decoding=\"async\" role=\"img\" class=\"emoji\" alt=\"\ud83c\uddf5\ud83c\uddea\" src=\"https:\/\/s.w.org\/images\/core\/emoji\/17.0.2\/svg\/1f1f5-1f1ea.svg\"> 7 de junho<\/h2>\t\t\t\t<\/div>\n\t\t\t\t\t<\/div>\n\t\t\t\t<\/div>\n\t\t\t\t\t<\/div>\n\t\t\t\t<\/div>\n\t\t<div class=\"elementor-element elementor-element-034ef75 e-con-full e-flex no e-con e-parent\" data-id=\"034ef75\" data-element_type=\"container\" data-e-type=\"container\">\n\t\t\t\t<div class=\"elementor-element elementor-element-2be5ecf elementor-widget elementor-widget-ms-hero\" data-id=\"2be5ecf\" data-element_type=\"widget\" data-e-type=\"widget\" data-widget_type=\"ms-hero.default\">\n\t\t\t\t<div class=\"elementor-widget-container\">\n\t\t\t\t\t\r\n        <section class=\"ms-hero\" id=\"2be5ecf\">\r\n\r\n                            <div class=\"hero-overlay\"><\/div>\r\n            \r\n                            <div class=\"ms-parallax\" data-speed=\"1\" data-type=\"scale\">\r\n\r\n                                            <img decoding=\"async\" class=\"jarallax-img\" src=\"https:\/\/transparenciaelectoral.org\/programaselectorales2026pt\/wp-content\/uploads\/2025\/01\/Segunda-vuelta-Peru.jpg\" alt=\"\">\r\n                    \r\n                                    <\/div>\r\n            \r\n            \r\n                \r\n                \r\n            \r\n        <\/section>\r\n\r\n    \t\t\t\t<\/div>\n\t\t\t\t<\/div>\n\t\t\t\t<\/div>\n\t\t<div class=\"elementor-element elementor-element-ad65633 e-flex e-con-boxed no e-con e-parent\" data-id=\"ad65633\" data-element_type=\"container\" data-e-type=\"container\">\n\t\t\t\t\t<div class=\"e-con-inner\">\n\t\t\t\t<div class=\"elementor-element elementor-element-47ca5cf elementor-widget__width-initial elementor-widget elementor-widget-text-editor\" data-id=\"47ca5cf\" data-element_type=\"widget\" data-e-type=\"widget\" data-widget_type=\"text-editor.default\">\n\t\t\t\t\t\t\t\t\t<p>Depois de elegerem o Congresso, os eleitores ir\u00e3o \u00e0s urnas para eleger o presidente (caso nenhum candidato tenha obtido 50% dos votos no primeiro turno).<\/p><p>As atividades ser\u00e3o realizadas nos dias <strong>4, 5, 6 e 7 de junho.<\/strong><\/p>\t\t\t\t\t\t\t\t<\/div>\n\t\t\t\t<div class=\"elementor-element elementor-element-48cde3f elementor-widget elementor-widget-heading\" data-id=\"48cde3f\" data-element_type=\"widget\" data-e-type=\"widget\" data-widget_type=\"heading.default\">\n\t\t\t\t\t<h3 class=\"elementor-heading-title elementor-size-default\">Pr\u00e9-inscri\u00e7\u00f5es\n<\/h3>\t\t\t\t<\/div>\n\t\t\t\t<div class=\"elementor-element elementor-element-cb494d1 elementor-widget__width-initial elementor-widget elementor-widget-text-editor\" data-id=\"cb494d1\" data-element_type=\"widget\" data-e-type=\"widget\" data-widget_type=\"text-editor.default\">\n\t\t\t\t\t\t\t\t\t<p>No pr\u00f3ximo dia 7 de junho ser\u00e1 realizado o segundo turno das elei\u00e7\u00f5es presidenciais no Peru. Mais de 27 milh\u00f5es de eleitores est\u00e3o habilitados a participar das elei\u00e7\u00f5es que escolher\u00e3o o pr\u00f3ximo presidente. A Transpar\u00eancia Eleitoral realizar\u00e1 uma Miss\u00e3o de Observa\u00e7\u00e3o Eleitoral que prev\u00ea uma jornada acad\u00eamica, reuni\u00f5es com partidos pol\u00edticos, com autoridades eleitorais e visita aos centros de vota\u00e7\u00e3o.<\/p><p>\u00a0<\/p><p>Preencha o formul\u00e1rio para receber mais informa\u00e7\u00f5es<\/p>\t\t\t\t\t\t\t\t<\/div>\n\t\t\t\t<div class=\"elementor-element elementor-element-eefcef5 elementor-widget elementor-widget-ms-button\" data-id=\"eefcef5\" data-element_type=\"widget\" data-e-type=\"widget\" data-widget_type=\"ms-button.default\">\n\t\t\t\t<div class=\"elementor-widget-container\">\n\t\t\t\t\t\t\t\t<div class=\"btn-wrap\">\r\n\t\t\t\t<a class=\"btn btn-mokko btn--md btn--full-width\" role=\"button\" href=\"https:\/\/docs.google.com\/forms\/d\/1fdI5vchtAVsI9BKP_oNh5-ZpV0_4WD64yxzhRLL3quQ\/viewform?edit_requested=true\" target=\"_blank\">\r\n\r\n\t\t\t\t\t<div class=\"ms-btn--circle\">\r\n\r\n\t\t\t\t\t\t<div class=\"circle\">\r\n\t\t\t\t\t\t\t<div class=\"circle-fill\"><\/div>\r\n\t\t\t\t\t\t\t<svg viewBox=\"0 0 50 50\" xmlns=\"http:\/\/www.w3.org\/2000\/svg\" class=\"circle-outline\"><circle cx=\"25\" cy=\"25\" r=\"23\"><\/circle><\/svg>\r\n\t\t\t\t\t\t\t\r\n\t\t\t\t\t\t\t\r\n\t\t\t\t\t\t\t\t<div class=\"circle-icon\"><svg viewBox=\"0 0 12 10\" fill=\"none\" xmlns=\"http:\/\/www.w3.org\/2000\/svg\" class=\"icon-arrow\"><path d=\"M0 5.65612V4.30388L8.41874 4.31842L5.05997 0.95965L5.99054 0L10.9923 4.97273L6.00508 9.96L5.07451 9.00035L8.43328 5.64158L0 5.65612Z\"><\/path><\/svg><\/div>\r\n\r\n\t\t\t\t\t\t\t\t\t\t\t\t\t\t\r\n\t\t\t\t\t\t<\/div>\r\n\t\t\t\t\t\t\r\n\t\t\t\t\t<\/div>\r\n\r\n\t\t\t\t\t<div class=\"ms-btn--label\">\r\n\t\t\t\t\t\t<div class=\"ms-btn__text\">Pr\u00e9-inscri\u00e7\u00f5es<\/div>\r\n\t\t\t\t\t\t<div class=\"ms-btn__border\"><\/div>\r\n\t\t\t\t\t<\/div>\r\n\r\n\t\t\t\t<\/a>\r\n\t\t\t<\/div>\r\n\t\t\t\t\t\t<\/div>\n\t\t\t\t<\/div>\n\t\t\t\t\t<\/div>\n\t\t\t\t<\/div>\n\t\t\t\t<\/div>\n\t\t","protected":false},"featured_media":6851,"template":"","portfolios_categories":[130],"class_list":["post-7148","portfolios","type-portfolios","status-publish","has-post-thumbnail","hentry","portfolios_categories--peru-por"],"acf":{"featured_video":"","choi\u0441e_menu_page":"global_settings","full_width":false,"header_transparent":false,"header_white":false,"menu_type_page":"default","menu_align_page":"default"},"_links":{"self":[{"href":"https:\/\/transparenciaelectoral.org\/programaselectorales2026pt\/wp-json\/wp\/v2\/portfolios\/7148","targetHints":{"allow":["GET"]}}],"collection":[{"href":"https:\/\/transparenciaelectoral.org\/programaselectorales2026pt\/wp-json\/wp\/v2\/portfolios"}],"about":[{"href":"https:\/\/transparenciaelectoral.org\/programaselectorales2026pt\/wp-json\/wp\/v2\/types\/portfolios"}],"version-history":[{"count":14,"href":"https:\/\/transparenciaelectoral.org\/programaselectorales2026pt\/wp-json\/wp\/v2\/portfolios\/7148\/revisions"}],"predecessor-version":[{"id":7294,"href":"https:\/\/transparenciaelectoral.org\/programaselectorales2026pt\/wp-json\/wp\/v2\/portfolios\/7148\/revisions\/7294"}],"wp:featuredmedia":[{"embeddable":true,"href":"https:\/\/transparenciaelectoral.org\/programaselectorales2026pt\/wp-json\/wp\/v2\/media\/6851"}],"wp:attachment":[{"href":"https:\/\/transparenciaelectoral.org\/programaselectorales2026pt\/wp-json\/wp\/v2\/media?parent=7148"}],"wp:term":[{"taxonomy":"portfolios_categories","embeddable":true,"href":"https:\/\/transparenciaelectoral.org\/programaselectorales2026pt\/wp-json\/wp\/v2\/portfolios_categories?post=7148"}],"curies":[{"name":"wp","href":"https:\/\/api.w.org\/{rel}","templated":true}]}}